{"id":96588,"date":"2023-11-22T23:04:36","date_gmt":"2023-11-22T22:04:36","guid":{"rendered":"https:\/\/www.photagne.com\/?page_id=96588"},"modified":"2025-05-12T18:15:43","modified_gmt":"2025-05-12T16:15:43","slug":"photographies-de-la-vanoise","status":"publish","type":"page","link":"https:\/\/www.photagne.com\/en\/photographs-of-la-vanoise\/","title":{"rendered":"Photos of Vanoise"},"content":{"rendered":"<p>This page lists all my photographs of the Vanoise that I was able to take during my numerous treks. La Vanoise, located in the Savoie department, is the oldest national park in France with an area of approximately 535 km\u00b2. This mountainous region is bounded to the north by the Tarentaise, to the east by the Maurienne, to the west by the Is\u00e8re valley, and to the south by the Italian border.<\/p><div style=\"height:40px\" aria-hidden=\"true\" class=\"wp-block-spacer\"><\/div><div class=\"wp-block-media-text alignwide is-stacked-on-mobile\" style=\"grid-template-columns:70% auto\"><figure class=\"wp-block-media-text__media\"><a href=\"https:\/\/www.photagne.com\/wp-content\/uploads\/2023\/01\/IMG_7155_NB.jpg\"><img decoding=\"async\" width=\"1024\" height=\"683\" src=\"https:\/\/www.photagne.com\/wp-content\/uploads\/2023\/01\/IMG_7155_NB-1024x683.jpg\" alt=\"Ascent of skiers in Vanoise\" class=\"wp-image-95477 size-full\" srcset=\"https:\/\/www.photagne.com\/wp-content\/uploads\/2023\/01\/IMG_7155_NB-1024x683.jpg 1024w, https:\/\/www.photagne.com\/wp-content\/uploads\/2023\/01\/IMG_7155_NB-300x200.jpg 300w, https:\/\/www.photagne.com\/wp-content\/uploads\/2023\/01\/IMG_7155_NB-768x512.jpg 768w, https:\/\/www.photagne.com\/wp-content\/uploads\/2023\/01\/IMG_7155_NB-1536x1024.jpg 1536w, https:\/\/www.photagne.com\/wp-content\/uploads\/2023\/01\/IMG_7155_NB-18x12.jpg 18w, https:\/\/www.photagne.com\/wp-content\/uploads\/2023\/01\/IMG_7155_NB-360x240.jpg 360w, https:\/\/www.photagne.com\/wp-content\/uploads\/2023\/01\/IMG_7155_NB-230x153.jpg 230w, https:\/\/www.photagne.com\/wp-content\/uploads\/2023\/01\/IMG_7155_NB-600x400.jpg 600w, https:\/\/www.photagne.com\/wp-content\/uploads\/2023\/01\/IMG_7155_NB.jpg 1732w\" sizes=\"(max-width: 1024px) 100vw, 1024px\" \/><\/a><\/figure><div class=\"wp-block-media-text__content\"><p><\/p>\n\n<div style=\"text-align: center;\"><button class=\"btn btn-primary\" type=\"button\" onclick=\"window.location.href='https:\/\/www.photagne.com\/produit\/poster-toile-ou-tableau-ascension-de-skieurs-en-vanoise-deco-murale\/';\"><i class=\"obfx-menu-icon fa fa-cart-plus\" style=\"margin-right: 0.5em;\"><\/i>Order<\/button><\/div><\/div><\/div><h2 class=\"has-text-align-center wp-block-heading\">Some information about Vanoise<\/h2><p>Geologically, the Vanoise has a varied composition, mainly comprising metamorphic rocks such as gneiss, schist, and marble, resulting from the tectonic phenomena that have shaped the Alps over millions of years. The presence of glaciers, such as the Grande Casse glacier, attests to the climatic and geological changes that have marked the history of this region.<\/p><div style=\"height:40px\" aria-hidden=\"true\" class=\"wp-block-spacer\"><\/div><div class=\"wp-block-media-text alignwide has-media-on-the-right is-stacked-on-mobile\" style=\"grid-template-columns:auto 70%\"><div class=\"wp-block-media-text__content\"><p><\/p>\n\n<div style=\"text-align: center;\"><button class=\"btn btn-primary\" type=\"button\" onclick=\"window.location.href='https:\/\/www.photagne.com\/produit\/poster-toile-ou-tableau-chalet-et-grande-casse-en-hiver-deco-murale\/';\"><i class=\"obfx-menu-icon fa fa-cart-plus\" style=\"margin-right: 0.5em;\"><\/i>Order<\/button><\/div><\/div><figure class=\"wp-block-media-text__media\"><a href=\"https:\/\/www.photagne.com\/wp-content\/uploads\/2023\/01\/IMG_7259.jpg\"><img decoding=\"async\" width=\"1024\" height=\"683\" src=\"https:\/\/www.photagne.com\/wp-content\/uploads\/2023\/01\/IMG_7259-1024x683.jpg\" alt=\"Chalet and Grande Casse in winter\" class=\"wp-image-95471 size-full\" srcset=\"https:\/\/www.photagne.com\/wp-content\/uploads\/2023\/01\/IMG_7259-1024x683.jpg 1024w, https:\/\/www.photagne.com\/wp-content\/uploads\/2023\/01\/IMG_7259-300x200.jpg 300w, https:\/\/www.photagne.com\/wp-content\/uploads\/2023\/01\/IMG_7259-768x512.jpg 768w, https:\/\/www.photagne.com\/wp-content\/uploads\/2023\/01\/IMG_7259-1536x1024.jpg 1536w, https:\/\/www.photagne.com\/wp-content\/uploads\/2023\/01\/IMG_7259-18x12.jpg 18w, https:\/\/www.photagne.com\/wp-content\/uploads\/2023\/01\/IMG_7259-360x240.jpg 360w, https:\/\/www.photagne.com\/wp-content\/uploads\/2023\/01\/IMG_7259-230x153.jpg 230w, https:\/\/www.photagne.com\/wp-content\/uploads\/2023\/01\/IMG_7259-600x400.jpg 600w, https:\/\/www.photagne.com\/wp-content\/uploads\/2023\/01\/IMG_7259.jpg 1732w\" sizes=\"(max-width: 1024px) 100vw, 1024px\" \/><\/a><\/figure><\/div><p>Among the notable peaks, the Grande Casse reigns as the highest point at 3,855 meters above sea level. Its ascent by William Mathews in 1860 marked the beginning of mountaineering in the region. Other peaks, such as Dent Parrach\u00e9e and Pointe de la R\u00e9chasse, offer spectacular panoramas and have also been etched in the history of mountaineering.<\/p><div style=\"height:40px\" aria-hidden=\"true\" class=\"wp-block-spacer\"><\/div><div class=\"wp-block-media-text alignwide is-stacked-on-mobile\" style=\"grid-template-columns:70% auto\"><figure class=\"wp-block-media-text__media\"><a href=\"https:\/\/www.photagne.com\/wp-content\/uploads\/2023\/01\/IMG_6888.jpg\"><img decoding=\"async\" width=\"1024\" height=\"683\" src=\"https:\/\/www.photagne.com\/wp-content\/uploads\/2023\/01\/IMG_6888-1024x683.jpg\" alt=\"Morning colors on the snowy Chassefor\u00eat dome\" class=\"wp-image-95463 size-full\" srcset=\"https:\/\/www.photagne.com\/wp-content\/uploads\/2023\/01\/IMG_6888-1024x683.jpg 1024w, https:\/\/www.photagne.com\/wp-content\/uploads\/2023\/01\/IMG_6888-300x200.jpg 300w, https:\/\/www.photagne.com\/wp-content\/uploads\/2023\/01\/IMG_6888-768x512.jpg 768w, https:\/\/www.photagne.com\/wp-content\/uploads\/2023\/01\/IMG_6888-1536x1024.jpg 1536w, https:\/\/www.photagne.com\/wp-content\/uploads\/2023\/01\/IMG_6888-18x12.jpg 18w, https:\/\/www.photagne.com\/wp-content\/uploads\/2023\/01\/IMG_6888-360x240.jpg 360w, https:\/\/www.photagne.com\/wp-content\/uploads\/2023\/01\/IMG_6888-230x153.jpg 230w, https:\/\/www.photagne.com\/wp-content\/uploads\/2023\/01\/IMG_6888-600x400.jpg 600w, https:\/\/www.photagne.com\/wp-content\/uploads\/2023\/01\/IMG_6888.jpg 1732w\" sizes=\"(max-width: 1024px) 100vw, 1024px\" \/><\/a><\/figure><div class=\"wp-block-media-text__content\"><p><\/p>\n\n<div style=\"text-align: center;\"><button class=\"btn btn-primary\" type=\"button\" onclick=\"window.location.href='https:\/\/www.photagne.com\/produit\/poster-toile-ou-tableau-couleurs-du-matin-sur-le-dome-de-chasseforet-enneige-deco-murale\/';\"><i class=\"obfx-menu-icon fa fa-cart-plus\" style=\"margin-right: 0.5em;\"><\/i>Order<\/button><\/div><\/div><\/div><p>The <a href=\"https:\/\/www.vanoise-parcnational.fr\/fr\">Vanoise National Park<\/a>, created in 1963, extends over 53,000 hectares and is home to exceptional biodiversity. Among the protected plant species, we find the edelweiss and the genepi, while the chamois, the ibex, and the bearded vulture are among the emblematic animal species. This park thus contributes to the preservation of alpine ecosystems, with its high-altitude lakes, waterfalls, and spruce forests.<\/p><div style=\"height:40px\" aria-hidden=\"true\" class=\"wp-block-spacer\"><\/div><div class=\"wp-block-media-text alignwide has-media-on-the-right is-stacked-on-mobile\" style=\"grid-template-columns:auto 70%\"><div class=\"wp-block-media-text__content\"><p><\/p>\n\n<div style=\"text-align: center;\"><button class=\"btn btn-primary\" type=\"button\" onclick=\"window.location.href='https:\/\/www.photagne.com\/produit\/poster-toile-ou-tableau-paysage-de-montagne-enneigee-en-vanoise-deco-murale\/';\"><i class=\"obfx-menu-icon fa fa-cart-plus\" style=\"margin-right: 0.5em;\"><\/i>Order<\/button><\/div><\/div><figure class=\"wp-block-media-text__media\"><a href=\"https:\/\/www.photagne.com\/wp-content\/uploads\/2023\/01\/IMG_7040.jpg\"><img decoding=\"async\" width=\"1024\" height=\"683\" src=\"https:\/\/www.photagne.com\/wp-content\/uploads\/2023\/01\/IMG_7040-1024x683.jpg\" alt=\"Snowy mountain landscape in Vanoise\" class=\"wp-image-95467 size-full\" srcset=\"https:\/\/www.photagne.com\/wp-content\/uploads\/2023\/01\/IMG_7040-1024x683.jpg 1024w, https:\/\/www.photagne.com\/wp-content\/uploads\/2023\/01\/IMG_7040-300x200.jpg 300w, https:\/\/www.photagne.com\/wp-content\/uploads\/2023\/01\/IMG_7040-768x512.jpg 768w, https:\/\/www.photagne.com\/wp-content\/uploads\/2023\/01\/IMG_7040-1536x1024.jpg 1536w, https:\/\/www.photagne.com\/wp-content\/uploads\/2023\/01\/IMG_7040-18x12.jpg 18w, https:\/\/www.photagne.com\/wp-content\/uploads\/2023\/01\/IMG_7040-360x240.jpg 360w, https:\/\/www.photagne.com\/wp-content\/uploads\/2023\/01\/IMG_7040-230x153.jpg 230w, https:\/\/www.photagne.com\/wp-content\/uploads\/2023\/01\/IMG_7040-600x400.jpg 600w, https:\/\/www.photagne.com\/wp-content\/uploads\/2023\/01\/IMG_7040.jpg 1732w\" sizes=\"(max-width: 1024px) 100vw, 1024px\" \/><\/a><\/figure><\/div><p>La Vanoise is also rich in legends and anecdotes. The village of Pralognan-la-Vanoise, for example, is associated with the fairy of Grande Casse, a legendary figure imbuing the Vanoise landscape with a mystical dimension.<\/p><div style=\"height:40px\" aria-hidden=\"true\" class=\"wp-block-spacer\"><\/div><div class=\"wp-block-media-text alignwide is-stacked-on-mobile\" style=\"grid-template-columns:70% auto\"><figure class=\"wp-block-media-text__media\"><a href=\"https:\/\/www.photagne.com\/wp-content\/uploads\/2021\/03\/IMG_1094.jpg\"><img decoding=\"async\" width=\"1024\" height=\"683\" src=\"https:\/\/www.photagne.com\/wp-content\/uploads\/2021\/03\/IMG_1094-1024x683.jpg\" alt=\"The Church of Saint-Pierre d&#039;Extravache\" class=\"wp-image-5004 size-full\" srcset=\"https:\/\/www.photagne.com\/wp-content\/uploads\/2021\/03\/IMG_1094-1024x683.jpg 1024w, https:\/\/www.photagne.com\/wp-content\/uploads\/2021\/03\/IMG_1094-300x200.jpg 300w, https:\/\/www.photagne.com\/wp-content\/uploads\/2021\/03\/IMG_1094-768x512.jpg 768w, https:\/\/www.photagne.com\/wp-content\/uploads\/2021\/03\/IMG_1094-1536x1024.jpg 1536w, https:\/\/www.photagne.com\/wp-content\/uploads\/2021\/03\/IMG_1094-2048x1366.jpg 2048w, https:\/\/www.photagne.com\/wp-content\/uploads\/2021\/03\/IMG_1094-18x12.jpg 18w, https:\/\/www.photagne.com\/wp-content\/uploads\/2021\/03\/IMG_1094-360x240.jpg 360w, https:\/\/www.photagne.com\/wp-content\/uploads\/2021\/03\/IMG_1094-230x153.jpg 230w, https:\/\/www.photagne.com\/wp-content\/uploads\/2021\/03\/IMG_1094-600x400.jpg 600w\" sizes=\"(max-width: 1024px) 100vw, 1024px\" \/><\/a><\/figure><div class=\"wp-block-media-text__content\"><p><\/p>\n\n<div style=\"text-align: center;\"><button class=\"btn btn-primary\" type=\"button\" onclick=\"window.location.href='https:\/\/www.photagne.com\/produit\/poster-toile-ou-tableau-leglise-de-saint-pierre-dextravache-deco-murale\/';\"><i class=\"obfx-menu-icon fa fa-cart-plus\" style=\"margin-right: 0.5em;\"><\/i>Order<\/button><\/div><\/div><\/div><h2 class=\"has-text-align-center wp-block-heading\">Photos of Vanoise<\/h2><p>When it comes to mountain photography, the Vanoise offers diverse terrain for amateurs. Its soaring peaks, sparkling glaciers, and lush valleys are all interesting subjects. The variations in light at sunrise and sunset create unique opportunities to capture the natural beauty of the Vanoise through the lens.<\/p><div style=\"height:40px\" aria-hidden=\"true\" class=\"wp-block-spacer\"><\/div><div class=\"wp-block-media-text alignwide has-media-on-the-right is-stacked-on-mobile\" style=\"grid-template-columns:auto 70%\"><div class=\"wp-block-media-text__content\"><p><\/p>\n\n<div style=\"text-align: center;\"><button class=\"btn btn-primary\" type=\"button\" onclick=\"window.location.href='https:\/\/www.photagne.com\/produit\/poster-toile-ou-tableau-paysage-sous-la-neige-devant-la-grande-casse-deco-murale\/';\"><i class=\"obfx-menu-icon fa fa-cart-plus\" style=\"margin-right: 0.5em;\"><\/i>Order<\/button><\/div><\/div><figure class=\"wp-block-media-text__media\"><a href=\"https:\/\/www.photagne.com\/wp-content\/uploads\/2023\/01\/IMG_7184.jpg\"><img decoding=\"async\" width=\"1024\" height=\"683\" src=\"https:\/\/www.photagne.com\/wp-content\/uploads\/2023\/01\/IMG_7184-1024x683.jpg\" alt=\"Landscape under the snow in front of the Grande Casse\" class=\"wp-image-95470 size-full\" srcset=\"https:\/\/www.photagne.com\/wp-content\/uploads\/2023\/01\/IMG_7184-1024x683.jpg 1024w, https:\/\/www.photagne.com\/wp-content\/uploads\/2023\/01\/IMG_7184-300x200.jpg 300w, https:\/\/www.photagne.com\/wp-content\/uploads\/2023\/01\/IMG_7184-768x512.jpg 768w, https:\/\/www.photagne.com\/wp-content\/uploads\/2023\/01\/IMG_7184-1536x1024.jpg 1536w, https:\/\/www.photagne.com\/wp-content\/uploads\/2023\/01\/IMG_7184-18x12.jpg 18w, https:\/\/www.photagne.com\/wp-content\/uploads\/2023\/01\/IMG_7184-360x240.jpg 360w, https:\/\/www.photagne.com\/wp-content\/uploads\/2023\/01\/IMG_7184-230x153.jpg 230w, https:\/\/www.photagne.com\/wp-content\/uploads\/2023\/01\/IMG_7184-600x400.jpg 600w, https:\/\/www.photagne.com\/wp-content\/uploads\/2023\/01\/IMG_7184.jpg 1732w\" sizes=\"(max-width: 1024px) 100vw, 1024px\" \/><\/a><\/figure><\/div><p>If you are looking for photographs of the Vanoise, dive with me into my best mountain photographs. I particularly like this massif both in summer and in winter due to the great diversity of its landscapes. Its peaks are visually very attractive; the Grande Casse, for example, has a very \u201cHimalayan\u201d air, especially in winter. Discover this massif through the lens of my camera!<\/p><div style=\"height:40px\" aria-hidden=\"true\" class=\"wp-block-spacer\"><\/div><div class=\"wp-block-media-text alignwide is-stacked-on-mobile\" style=\"grid-template-columns:70% auto\"><figure class=\"wp-block-media-text__media\"><a href=\"https:\/\/www.photagne.com\/wp-content\/uploads\/2023\/01\/IMG_6887.jpg\"><img decoding=\"async\" width=\"1024\" height=\"683\" src=\"https:\/\/www.photagne.com\/wp-content\/uploads\/2023\/01\/IMG_6887-1024x683.jpg\" alt=\"Snowy landscape and cliff with rising sun\" class=\"wp-image-95462 size-full\" srcset=\"https:\/\/www.photagne.com\/wp-content\/uploads\/2023\/01\/IMG_6887-1024x683.jpg 1024w, https:\/\/www.photagne.com\/wp-content\/uploads\/2023\/01\/IMG_6887-300x200.jpg 300w, https:\/\/www.photagne.com\/wp-content\/uploads\/2023\/01\/IMG_6887-768x512.jpg 768w, https:\/\/www.photagne.com\/wp-content\/uploads\/2023\/01\/IMG_6887-1536x1024.jpg 1536w, https:\/\/www.photagne.com\/wp-content\/uploads\/2023\/01\/IMG_6887-18x12.jpg 18w, https:\/\/www.photagne.com\/wp-content\/uploads\/2023\/01\/IMG_6887-360x240.jpg 360w, https:\/\/www.photagne.com\/wp-content\/uploads\/2023\/01\/IMG_6887-230x153.jpg 230w, https:\/\/www.photagne.com\/wp-content\/uploads\/2023\/01\/IMG_6887-600x400.jpg 600w, https:\/\/www.photagne.com\/wp-content\/uploads\/2023\/01\/IMG_6887.jpg 1732w\" sizes=\"(max-width: 1024px) 100vw, 1024px\" \/><\/a><\/figure><div class=\"wp-block-media-text__content\"><p><\/p>\n\n<div style=\"text-align: center;\"><button class=\"btn btn-primary\" type=\"button\" onclick=\"window.location.href='https:\/\/www.photagne.com\/produit\/poster-toile-ou-tableau-paysage-enneige-et-falaise-au-soleil-levant-deco-murale\/';\"><i class=\"obfx-menu-icon fa fa-cart-plus\" style=\"margin-right: 0.5em;\"><\/i>Order<\/button><\/div><\/div><\/div><h2 class=\"has-text-align-center wp-block-heading\">Buy a Vanoise poster<\/h2><p>If one of my photographs of the Vanoise particularly appeals to you, you can order a print in the format you want. To do this, simply click on the photo in question and select the \u201cadd to cart\u201d option located at the top right of the screen, or click directly on the \u201corder\u201d button. You will then have the choice between different options, such as a print on poster, a canvas or a framed print. All these wall decorations are available in three different sizes, from smallest to largest.<\/p><div style=\"height:40px\" aria-hidden=\"true\" class=\"wp-block-spacer\"><\/div><div class=\"wp-block-media-text alignwide has-media-on-the-right is-stacked-on-mobile\" style=\"grid-template-columns:auto 70%\"><div class=\"wp-block-media-text__content\"><p><\/p>\n\n<div style=\"text-align: center;\"><button class=\"btn btn-primary\" type=\"button\" onclick=\"window.location.href='https:\/\/www.photagne.com\/produit\/poster-toile-ou-tableau-le-pont-romain-de-la-reculaz-deco-murale\/';\"><i class=\"obfx-menu-icon fa fa-cart-plus\" style=\"margin-right: 0.5em;\"><\/i>Order<\/button><\/div><\/div><figure class=\"wp-block-media-text__media\"><a href=\"https:\/\/www.photagne.com\/wp-content\/uploads\/2021\/03\/IMG_1005.jpg\"><img decoding=\"async\" width=\"1024\" height=\"683\" src=\"https:\/\/www.photagne.com\/wp-content\/uploads\/2021\/03\/IMG_1005-1024x683.jpg\" alt=\"The Roman bridge of La Reculaz\" class=\"wp-image-4940 size-full\" srcset=\"https:\/\/www.photagne.com\/wp-content\/uploads\/2021\/03\/IMG_1005-1024x683.jpg 1024w, https:\/\/www.photagne.com\/wp-content\/uploads\/2021\/03\/IMG_1005-300x200.jpg 300w, https:\/\/www.photagne.com\/wp-content\/uploads\/2021\/03\/IMG_1005-768x512.jpg 768w, https:\/\/www.photagne.com\/wp-content\/uploads\/2021\/03\/IMG_1005-1536x1024.jpg 1536w, https:\/\/www.photagne.com\/wp-content\/uploads\/2021\/03\/IMG_1005-18x12.jpg 18w, https:\/\/www.photagne.com\/wp-content\/uploads\/2021\/03\/IMG_1005-360x240.jpg 360w, https:\/\/www.photagne.com\/wp-content\/uploads\/2021\/03\/IMG_1005-230x153.jpg 230w, https:\/\/www.photagne.com\/wp-content\/uploads\/2021\/03\/IMG_1005-600x400.jpg 600w, https:\/\/www.photagne.com\/wp-content\/uploads\/2021\/03\/IMG_1005.jpg 1732w\" sizes=\"(max-width: 1024px) 100vw, 1024px\" \/><\/a><\/figure><\/div><p>So, you can embellish your interior with a magnificent representation of the Alps, captured by a French nature photographer. You will have the opportunity to proudly display it in your living room or dining room. The images of the Vanoise are ideal for a magnificent mountain poster that will give a grandiose touch to your interior. I chose the quality of the support with care: it is a glossy paper of optimal quality for photography (240 gsm). It will brilliantly render the depth of the color contrasts specific to the Vanoise.<\/p><div style=\"height:40px\" aria-hidden=\"true\" class=\"wp-block-spacer\"><\/div><div class=\"wp-block-media-text alignwide is-stacked-on-mobile\" style=\"grid-template-columns:70% auto\"><figure class=\"wp-block-media-text__media\"><a href=\"https:\/\/www.photagne.com\/wp-content\/uploads\/2023\/01\/IMG_7301.jpg\"><img decoding=\"async\" width=\"1024\" height=\"683\" src=\"https:\/\/www.photagne.com\/wp-content\/uploads\/2023\/01\/IMG_7301-1024x683.jpg\" alt=\"Grande Casse in winter at sunset\" class=\"wp-image-95472 size-full\" srcset=\"https:\/\/www.photagne.com\/wp-content\/uploads\/2023\/01\/IMG_7301-1024x683.jpg 1024w, https:\/\/www.photagne.com\/wp-content\/uploads\/2023\/01\/IMG_7301-300x200.jpg 300w, https:\/\/www.photagne.com\/wp-content\/uploads\/2023\/01\/IMG_7301-768x512.jpg 768w, https:\/\/www.photagne.com\/wp-content\/uploads\/2023\/01\/IMG_7301-1536x1024.jpg 1536w, https:\/\/www.photagne.com\/wp-content\/uploads\/2023\/01\/IMG_7301-18x12.jpg 18w, https:\/\/www.photagne.com\/wp-content\/uploads\/2023\/01\/IMG_7301-360x240.jpg 360w, https:\/\/www.photagne.com\/wp-content\/uploads\/2023\/01\/IMG_7301-230x153.jpg 230w, https:\/\/www.photagne.com\/wp-content\/uploads\/2023\/01\/IMG_7301-600x400.jpg 600w, https:\/\/www.photagne.com\/wp-content\/uploads\/2023\/01\/IMG_7301.jpg 1732w\" sizes=\"(max-width: 1024px) 100vw, 1024px\" \/><\/a><\/figure><div class=\"wp-block-media-text__content\"><p><\/p>\n\n<div style=\"text-align: center;\"><button class=\"btn btn-primary\" type=\"button\" onclick=\"window.location.href='https:\/\/www.photagne.com\/produit\/poster-toile-ou-tableau-grande-casse-en-hiver-au-soleil-couchant-deco-murale\/';\"><i class=\"obfx-menu-icon fa fa-cart-plus\" style=\"margin-right: 0.5em;\"><\/i>Order<\/button><\/div><\/div><\/div><h3 class=\"wp-block-heading\">Three poster sizes<\/h3><p class=\"has-text-align-justify\">Our posters are also among the least expensive on the market. A small print costs just 15 euros, making it ideal for a small space, such as between two cupboards in your kitchen or on a wardrobe in your bedroom. If you&#039;d like a larger print, for example, for your living room, we offer three sizes:<\/p><ul class=\"wp-block-list\"><li><strong>Small<\/strong> : 20 x 30 cm<\/li>\n\n<li><strong>Medium<\/strong> : 40 x 60 cm<\/li>\n\n<li><strong>Big<\/strong> : 60 x 90 cm<\/li><\/ul><p>Do you have other formats in mind? Contact me using the form on the homepage and I&#039;ll adapt to your needs.<\/p><div style=\"height:40px\" aria-hidden=\"true\" class=\"wp-block-spacer\"><\/div><div class=\"wp-block-media-text alignwide has-media-on-the-right is-stacked-on-mobile\" style=\"grid-template-columns:auto 70%\"><div class=\"wp-block-media-text__content\"><p><\/p>\n\n<div style=\"text-align: center;\"><button class=\"btn btn-primary\" type=\"button\" onclick=\"window.location.href='https:\/\/www.photagne.com\/produit\/poster-toile-ou-tableau-soleil-levant-sur-le-dome-de-chasseforet-deco-murale\/';\"><i class=\"obfx-menu-icon fa fa-cart-plus\" style=\"margin-right: 0.5em;\"><\/i>Order<\/button><\/div><\/div><figure class=\"wp-block-media-text__media\"><a href=\"https:\/\/www.photagne.com\/wp-content\/uploads\/2023\/01\/IMG_6873.jpg\"><img decoding=\"async\" width=\"1024\" height=\"683\" src=\"https:\/\/www.photagne.com\/wp-content\/uploads\/2023\/01\/IMG_6873-1024x683.jpg\" alt=\"Rising sun on the dome of Chassefor\u00eat\" class=\"wp-image-95461 size-full\" srcset=\"https:\/\/www.photagne.com\/wp-content\/uploads\/2023\/01\/IMG_6873-1024x683.jpg 1024w, https:\/\/www.photagne.com\/wp-content\/uploads\/2023\/01\/IMG_6873-300x200.jpg 300w, https:\/\/www.photagne.com\/wp-content\/uploads\/2023\/01\/IMG_6873-768x512.jpg 768w, https:\/\/www.photagne.com\/wp-content\/uploads\/2023\/01\/IMG_6873-1536x1024.jpg 1536w, https:\/\/www.photagne.com\/wp-content\/uploads\/2023\/01\/IMG_6873-18x12.jpg 18w, https:\/\/www.photagne.com\/wp-content\/uploads\/2023\/01\/IMG_6873-360x240.jpg 360w, https:\/\/www.photagne.com\/wp-content\/uploads\/2023\/01\/IMG_6873-230x153.jpg 230w, https:\/\/www.photagne.com\/wp-content\/uploads\/2023\/01\/IMG_6873-600x400.jpg 600w, https:\/\/www.photagne.com\/wp-content\/uploads\/2023\/01\/IMG_6873.jpg 1732w\" sizes=\"(max-width: 1024px) 100vw, 1024px\" \/><\/a><\/figure><\/div><h3 class=\"wp-block-heading\">Fast delivery and secure payment<\/h3><p class=\"has-text-align-justify\">Your poster will arrive within 5 to 10 business days. It will be packaged in protective film and rolled into a sturdy cardboard tube. Payment will, of course, be made securely. You can choose between card payment or bank transfer when finalizing your order.<\/p><div style=\"height:40px\" aria-hidden=\"true\" class=\"wp-block-spacer\"><\/div><div class=\"wp-block-media-text alignwide is-stacked-on-mobile\" style=\"grid-template-columns:70% auto\"><figure class=\"wp-block-media-text__media\"><a href=\"https:\/\/www.photagne.com\/wp-content\/uploads\/2023\/01\/IMG_7468.jpg\"><img decoding=\"async\" width=\"1024\" height=\"683\" src=\"https:\/\/www.photagne.com\/wp-content\/uploads\/2023\/01\/IMG_7468-1024x683.jpg\" alt=\"Landscape of snow-capped peaks in Vanoise\" class=\"wp-image-95473 size-full\" srcset=\"https:\/\/www.photagne.com\/wp-content\/uploads\/2023\/01\/IMG_7468-1024x683.jpg 1024w, https:\/\/www.photagne.com\/wp-content\/uploads\/2023\/01\/IMG_7468-300x200.jpg 300w, https:\/\/www.photagne.com\/wp-content\/uploads\/2023\/01\/IMG_7468-768x512.jpg 768w, https:\/\/www.photagne.com\/wp-content\/uploads\/2023\/01\/IMG_7468-1536x1024.jpg 1536w, https:\/\/www.photagne.com\/wp-content\/uploads\/2023\/01\/IMG_7468-18x12.jpg 18w, https:\/\/www.photagne.com\/wp-content\/uploads\/2023\/01\/IMG_7468-360x240.jpg 360w, https:\/\/www.photagne.com\/wp-content\/uploads\/2023\/01\/IMG_7468-230x153.jpg 230w, https:\/\/www.photagne.com\/wp-content\/uploads\/2023\/01\/IMG_7468-600x400.jpg 600w, https:\/\/www.photagne.com\/wp-content\/uploads\/2023\/01\/IMG_7468.jpg 1732w\" sizes=\"(max-width: 1024px) 100vw, 1024px\" \/><\/a><\/figure><div class=\"wp-block-media-text__content\"><p><\/p>\n\n<div style=\"text-align: center;\"><button class=\"btn btn-primary\" type=\"button\" onclick=\"window.location.href='https:\/\/www.photagne.com\/produit\/poster-toile-ou-tableau-paysage-de-sommets-enneiges-en-vanoise-deco-murale\/';\"><i class=\"obfx-menu-icon fa fa-cart-plus\" style=\"margin-right: 0.5em;\"><\/i>Order<\/button><\/div><\/div><\/div><h3 class=\"wp-block-heading\">Limited edition prints of Vanoise posters<\/h3><p class=\"has-text-align-justify\">I sometimes offer limited edition prints of some of my photographs. Each copy is signed and numbered. Be sure to check back regularly on Photagne to take advantage of all the poster offers from the Vanoise region!<\/p><div style=\"height:40px\" aria-hidden=\"true\" class=\"wp-block-spacer\"><\/div><div class=\"wp-block-media-text alignwide has-media-on-the-right is-stacked-on-mobile\" style=\"grid-template-columns:auto 70%\"><div class=\"wp-block-media-text__content\"><p><\/p>\n\n<div style=\"text-align: center;\"><button class=\"btn btn-primary\" type=\"button\" onclick=\"window.location.href='https:\/\/www.photagne.com\/produit\/poster-toile-ou-tableau-skieur-devant-la-grande-casse-et-la-vallee-de-la-leisse-enneigee-deco-murale\/';\"><i class=\"obfx-menu-icon fa fa-cart-plus\" style=\"margin-right: 0.5em;\"><\/i>Order<\/button><\/div><\/div><figure class=\"wp-block-media-text__media\"><a href=\"https:\/\/www.photagne.com\/wp-content\/uploads\/2023\/01\/IMG_7414_NB.jpg\"><img decoding=\"async\" width=\"1024\" height=\"683\" src=\"https:\/\/www.photagne.com\/wp-content\/uploads\/2023\/01\/IMG_7414_NB-1024x683.jpg\" alt=\"Skier in front of the Grande Casse and the snowy Leisse valley\" class=\"wp-image-95478 size-full\" srcset=\"https:\/\/www.photagne.com\/wp-content\/uploads\/2023\/01\/IMG_7414_NB-1024x683.jpg 1024w, https:\/\/www.photagne.com\/wp-content\/uploads\/2023\/01\/IMG_7414_NB-300x200.jpg 300w, https:\/\/www.photagne.com\/wp-content\/uploads\/2023\/01\/IMG_7414_NB-768x512.jpg 768w, https:\/\/www.photagne.com\/wp-content\/uploads\/2023\/01\/IMG_7414_NB-1536x1024.jpg 1536w, https:\/\/www.photagne.com\/wp-content\/uploads\/2023\/01\/IMG_7414_NB-18x12.jpg 18w, https:\/\/www.photagne.com\/wp-content\/uploads\/2023\/01\/IMG_7414_NB-360x240.jpg 360w, https:\/\/www.photagne.com\/wp-content\/uploads\/2023\/01\/IMG_7414_NB-230x153.jpg 230w, https:\/\/www.photagne.com\/wp-content\/uploads\/2023\/01\/IMG_7414_NB-600x400.jpg 600w, https:\/\/www.photagne.com\/wp-content\/uploads\/2023\/01\/IMG_7414_NB.jpg 1732w\" sizes=\"(max-width: 1024px) 100vw, 1024px\" \/><\/a><\/figure><\/div>","protected":false},"excerpt":{"rendered":"<p>This page lists all my photographs of the Vanoise region that I have taken during my many treks. The Vanoise region, located in the Savoie department, is the oldest national park in France, covering an area of approximately 535 km\u00b2. This mountainous region is bordered to the north by [\u2026]<\/p>","protected":false},"author":1,"featured_media":95478,"parent":0,"menu_order":0,"comment_status":"closed","ping_status":"closed","template":"","meta":{"_mi_skip_tracking":false,"_monsterinsights_sitenote_active":false,"_monsterinsights_sitenote_note":"","_monsterinsights_sitenote_category":0,"jetpack_post_was_ever_published":false,"footnotes":""},"class_list":["post-96588","page","type-page","status-publish","has-post-thumbnail","hentry"],"acf":[],"yoast_head":"<!-- This site is optimized with the Yoast SEO plugin v20.12 - https:\/\/yoast.com\/wordpress\/plugins\/seo\/ -->\n<title>Photographies de la Vanoise &bull; Photagne &bull; Posters et tableaux<\/title>\n<meta name=\"description\" content=\"D\u00e9couvrez de superbes photographies de la Vanoise par un photographe nature. Partez \u00e0 la d\u00e9couverte de l&#039;un des plus beaux parcs fran\u00e7ais!\" \/>\n<meta name=\"robots\" content=\"index, follow, max-snippet:-1, max-image-preview:large, max-video-preview:-1\" \/>\n<link rel=\"canonical\" href=\"https:\/\/www.photagne.com\/en\/photographs-of-la-vanoise\/\" \/>\n<meta property=\"og:locale\" content=\"en_GB\" \/>\n<meta property=\"og:type\" content=\"article\" \/>\n<meta property=\"og:title\" content=\"Photographies de la Vanoise &bull; Photagne &bull; Posters et tableaux\" \/>\n<meta property=\"og:description\" content=\"D\u00e9couvrez de superbes photographies de la Vanoise par un photographe nature. Partez \u00e0 la d\u00e9couverte de l&#039;un des plus beaux parcs fran\u00e7ais!\" \/>\n<meta property=\"og:url\" content=\"https:\/\/www.photagne.com\/en\/photographs-of-la-vanoise\/\" \/>\n<meta property=\"og:site_name\" content=\"Photagne\" \/>\n<meta property=\"article:modified_time\" content=\"2025-05-12T16:15:43+00:00\" \/>\n<meta property=\"og:image\" content=\"https:\/\/www.photagne.com\/wp-content\/uploads\/2023\/01\/IMG_7414_NB.jpg\" \/>\n\t<meta property=\"og:image:width\" content=\"1732\" \/>\n\t<meta property=\"og:image:height\" content=\"1155\" \/>\n\t<meta property=\"og:image:type\" content=\"image\/jpeg\" \/>\n<meta name=\"twitter:card\" content=\"summary_large_image\" \/>\n<meta name=\"twitter:label1\" content=\"Estimated reading time\" \/>\n\t<meta name=\"twitter:data1\" content=\"7 minutes\" \/>\n<script type=\"application\/ld+json\" class=\"yoast-schema-graph\">{\"@context\":\"https:\/\/schema.org\",\"@graph\":[{\"@type\":\"WebPage\",\"@id\":\"https:\/\/www.photagne.com\/photographies-de-la-vanoise\/\",\"url\":\"https:\/\/www.photagne.com\/photographies-de-la-vanoise\/\",\"name\":\"Photographies de la Vanoise &bull; Photagne &bull; Posters et tableaux\",\"isPartOf\":{\"@id\":\"https:\/\/www.photagne.com\/#website\"},\"datePublished\":\"2023-11-22T22:04:36+00:00\",\"dateModified\":\"2025-05-12T16:15:43+00:00\",\"description\":\"D\u00e9couvrez de superbes photographies de la Vanoise par un photographe nature. Partez \u00e0 la d\u00e9couverte de l'un des plus beaux parcs fran\u00e7ais!\",\"breadcrumb\":{\"@id\":\"https:\/\/www.photagne.com\/photographies-de-la-vanoise\/#breadcrumb\"},\"inLanguage\":\"en-GB\",\"potentialAction\":[{\"@type\":\"ReadAction\",\"target\":[\"https:\/\/www.photagne.com\/photographies-de-la-vanoise\/\"]}]},{\"@type\":\"BreadcrumbList\",\"@id\":\"https:\/\/www.photagne.com\/photographies-de-la-vanoise\/#breadcrumb\",\"itemListElement\":[{\"@type\":\"ListItem\",\"position\":1,\"name\":\"Accueil\",\"item\":\"https:\/\/www.photagne.com\/\"},{\"@type\":\"ListItem\",\"position\":2,\"name\":\"Photographies de la Vanoise\"}]},{\"@type\":\"WebSite\",\"@id\":\"https:\/\/www.photagne.com\/#website\",\"url\":\"https:\/\/www.photagne.com\/\",\"name\":\"Photagne\",\"description\":\"Montagne, mer et paysages... Aussi vrais que nature.\",\"publisher\":{\"@id\":\"https:\/\/www.photagne.com\/#\/schema\/person\/3e571ba91ff94f56525115c261aa9530\"},\"potentialAction\":[{\"@type\":\"SearchAction\",\"target\":{\"@type\":\"EntryPoint\",\"urlTemplate\":\"https:\/\/www.photagne.com\/?s={search_term_string}\"},\"query-input\":\"required name=search_term_string\"}],\"inLanguage\":\"en-GB\"},{\"@type\":[\"Person\",\"Organization\"],\"@id\":\"https:\/\/www.photagne.com\/#\/schema\/person\/3e571ba91ff94f56525115c261aa9530\",\"name\":\"Photagne\",\"image\":{\"@type\":\"ImageObject\",\"inLanguage\":\"en-GB\",\"@id\":\"https:\/\/www.photagne.com\/#\/schema\/person\/image\/\",\"url\":\"https:\/\/www.photagne.com\/wp-content\/uploads\/2021\/01\/P6180874-1-scaled.jpeg\",\"contentUrl\":\"https:\/\/www.photagne.com\/wp-content\/uploads\/2021\/01\/P6180874-1-scaled.jpeg\",\"width\":1920,\"height\":2560,\"caption\":\"Photagne\"},\"logo\":{\"@id\":\"https:\/\/www.photagne.com\/#\/schema\/person\/image\/\"},\"description\":\"J'ai commenc\u00e9 la photographie en 2015 lors d'un voyage \u00e0 Hawaii. Depuis lors, je me consacre \u00e0 la photographie de paysages lors de mes nombreux treks en montagne.\",\"sameAs\":[\"https:\/\/photagne.com\"]}]}<\/script>\n<!-- \/ Yoast SEO plugin. -->","yoast_head_json":{"title":"Photographies de la Vanoise &bull; Photagne &bull; Posters et tableaux","description":"D\u00e9couvrez de superbes photographies de la Vanoise par un photographe nature. Partez \u00e0 la d\u00e9couverte de l'un des plus beaux parcs fran\u00e7ais!","robots":{"index":"index","follow":"follow","max-snippet":"max-snippet:-1","max-image-preview":"max-image-preview:large","max-video-preview":"max-video-preview:-1"},"canonical":"https:\/\/www.photagne.com\/en\/photographs-of-la-vanoise\/","og_locale":"en_GB","og_type":"article","og_title":"Photographies de la Vanoise &bull; Photagne &bull; Posters et tableaux","og_description":"D\u00e9couvrez de superbes photographies de la Vanoise par un photographe nature. Partez \u00e0 la d\u00e9couverte de l'un des plus beaux parcs fran\u00e7ais!","og_url":"https:\/\/www.photagne.com\/en\/photographs-of-la-vanoise\/","og_site_name":"Photagne","article_modified_time":"2025-05-12T16:15:43+00:00","og_image":[{"width":1732,"height":1155,"url":"https:\/\/www.photagne.com\/wp-content\/uploads\/2023\/01\/IMG_7414_NB.jpg","type":"image\/jpeg"}],"twitter_card":"summary_large_image","twitter_misc":{"Estimated reading time":"7 minutes"},"schema":{"@context":"https:\/\/schema.org","@graph":[{"@type":"WebPage","@id":"https:\/\/www.photagne.com\/photographies-de-la-vanoise\/","url":"https:\/\/www.photagne.com\/photographies-de-la-vanoise\/","name":"Photographies de la Vanoise &bull; Photagne &bull; Posters et tableaux","isPartOf":{"@id":"https:\/\/www.photagne.com\/#website"},"datePublished":"2023-11-22T22:04:36+00:00","dateModified":"2025-05-12T16:15:43+00:00","description":"D\u00e9couvrez de superbes photographies de la Vanoise par un photographe nature. Partez \u00e0 la d\u00e9couverte de l'un des plus beaux parcs fran\u00e7ais!","breadcrumb":{"@id":"https:\/\/www.photagne.com\/photographies-de-la-vanoise\/#breadcrumb"},"inLanguage":"en-GB","potentialAction":[{"@type":"ReadAction","target":["https:\/\/www.photagne.com\/photographies-de-la-vanoise\/"]}]},{"@type":"BreadcrumbList","@id":"https:\/\/www.photagne.com\/photographies-de-la-vanoise\/#breadcrumb","itemListElement":[{"@type":"ListItem","position":1,"name":"Accueil","item":"https:\/\/www.photagne.com\/"},{"@type":"ListItem","position":2,"name":"Photographies de la Vanoise"}]},{"@type":"WebSite","@id":"https:\/\/www.photagne.com\/#website","url":"https:\/\/www.photagne.com\/","name":"Photagne","description":"Montagne, mer et paysages... Aussi vrais que nature.","publisher":{"@id":"https:\/\/www.photagne.com\/#\/schema\/person\/3e571ba91ff94f56525115c261aa9530"},"potentialAction":[{"@type":"SearchAction","target":{"@type":"EntryPoint","urlTemplate":"https:\/\/www.photagne.com\/?s={search_term_string}"},"query-input":"required name=search_term_string"}],"inLanguage":"en-GB"},{"@type":["Person","Organization"],"@id":"https:\/\/www.photagne.com\/#\/schema\/person\/3e571ba91ff94f56525115c261aa9530","name":"Photagne","image":{"@type":"ImageObject","inLanguage":"en-GB","@id":"https:\/\/www.photagne.com\/#\/schema\/person\/image\/","url":"https:\/\/www.photagne.com\/wp-content\/uploads\/2021\/01\/P6180874-1-scaled.jpeg","contentUrl":"https:\/\/www.photagne.com\/wp-content\/uploads\/2021\/01\/P6180874-1-scaled.jpeg","width":1920,"height":2560,"caption":"Photagne"},"logo":{"@id":"https:\/\/www.photagne.com\/#\/schema\/person\/image\/"},"description":"J'ai commenc\u00e9 la photographie en 2015 lors d'un voyage \u00e0 Hawaii. Depuis lors, je me consacre \u00e0 la photographie de paysages lors de mes nombreux treks en montagne.","sameAs":["https:\/\/photagne.com"]}]}},"jetpack_shortlink":"https:\/\/wp.me\/PcIq5x-p7S","jetpack_sharing_enabled":true,"jetpack_likes_enabled":true,"_links":{"self":[{"href":"https:\/\/www.photagne.com\/en\/wp-json\/wp\/v2\/pages\/96588","targetHints":{"allow":["GET"]}}],"collection":[{"href":"https:\/\/www.photagne.com\/en\/wp-json\/wp\/v2\/pages"}],"about":[{"href":"https:\/\/www.photagne.com\/en\/wp-json\/wp\/v2\/types\/page"}],"author":[{"embeddable":true,"href":"https:\/\/www.photagne.com\/en\/wp-json\/wp\/v2\/users\/1"}],"replies":[{"embeddable":true,"href":"https:\/\/www.photagne.com\/en\/wp-json\/wp\/v2\/comments?post=96588"}],"version-history":[{"count":3,"href":"https:\/\/www.photagne.com\/en\/wp-json\/wp\/v2\/pages\/96588\/revisions"}],"predecessor-version":[{"id":100275,"href":"https:\/\/www.photagne.com\/en\/wp-json\/wp\/v2\/pages\/96588\/revisions\/100275"}],"wp:featuredmedia":[{"embeddable":true,"href":"https:\/\/www.photagne.com\/en\/wp-json\/wp\/v2\/media\/95478"}],"wp:attachment":[{"href":"https:\/\/www.photagne.com\/en\/wp-json\/wp\/v2\/media?parent=96588"}],"curies":[{"name":"wp","href":"https:\/\/api.w.org\/{rel}","templated":true}]}}